{"id":7364,"date":"2023-12-07T13:58:10","date_gmt":"2023-12-07T12:58:10","guid":{"rendered":"https:\/\/www.coutellerie-neron.com\/?page_id=7364"},"modified":"2023-12-07T14:30:39","modified_gmt":"2023-12-07T13:30:39","slug":"le-thiers","status":"publish","type":"page","link":"https:\/\/www.coutellerie-neron.com\/en\/le-thiers\/","title":{"rendered":"Le Thiers\u00ae"},"content":{"rendered":"<div class=\"wpb-content-wrapper\"><p>[vc_row][vc_column][vc_column_text el_class=&#8221;intro&#8221;]N\u00e9 d\u2019une r\u00e9flexion commune de toute une profession, Le Thiers\u00ae porte le nom de sa ville, capitale fran\u00e7aise de la coutellerie. Sa fabrication est soumise aux r\u00e8gles d\u2019une Jurande calqu\u00e9e sur celle de 1582, qui a r\u00e8glement\u00e9 toute la coutellerie thiernoise durant presque 3 si\u00e8cles. Des Ma\u00eetres Visiteurs sont habilit\u00e9s \u00e0 surveiller le respect de cette Jurande \u00e0 chaque \u00e9tape de la r\u00e9alisation du couteau. Ainsi, la marque Le Thiers\u00ae\u201a est un gage de qualit\u00e9, facilement identifiable, elle est insculp\u00e9e d\u00e9finitivement dans le m\u00e9tal de tous les objets qu\u2019elle garantit.[\/vc_column_text][vc_basic_grid post_type=&#8221;product&#8221; max_items=&#8221;-1&#8243; item=&#8221;776&#8243; grid_id=&#8221;vc_gid:1701100209203-18268df3-00e4-3&#8243; el_class=&#8221;liste-produits&#8221; taxonomies=&#8221;34&#8243;][\/vc_column][\/vc_row]<\/p>\n<\/div>","protected":false},"excerpt":{"rendered":"<p>[vc_row][vc_column][vc_column_text el_class=&#8221;intro&#8221;]N\u00e9 d\u2019une r\u00e9flexion commune de toute une profession, Le Thiers\u00ae porte le nom de sa ville, capitale fran\u00e7aise de la coutellerie. Sa fabrication est soumise aux r\u00e8gles d\u2019une Jurande calqu\u00e9e sur celle de 1582, qui a r\u00e8glement\u00e9 toute la coutellerie thiernoise durant presque 3 si\u00e8cles. Des Ma\u00eetres Visiteurs sont habilit\u00e9s \u00e0 surveiller le respect [&hellip;]<\/p>\n","protected":false},"author":1,"featured_media":0,"parent":0,"menu_order":0,"comment_status":"closed","ping_status":"closed","template":"","meta":{"footnotes":""},"product_gamme":[34],"acf":[],"yoast_head":"<!-- This site is optimized with the Yoast SEO plugin v21.7 - https:\/\/yoast.com\/wordpress\/plugins\/seo\/ -->\n<title>Le Thiers\u00ae<\/title>\n<meta name=\"robots\" content=\"index, follow, max-snippet:-1, max-image-preview:large, max-video-preview:-1\" \/>\n<link rel=\"canonical\" href=\"https:\/\/www.coutellerie-neron.com\/en\/le-thiers\/\" \/>\n<meta property=\"og:locale\" content=\"en_US\" \/>\n<meta property=\"og:type\" content=\"article\" \/>\n<meta property=\"og:title\" content=\"Le Thiers\u00ae\" \/>\n<meta property=\"og:description\" content=\"[vc_row][vc_column][vc_column_text el_class=&#8221;intro&#8221;]N\u00e9 d\u2019une r\u00e9flexion commune de toute une profession, Le Thiers\u00ae porte le nom de sa ville, capitale fran\u00e7aise de la coutellerie. Sa fabrication est soumise aux r\u00e8gles d\u2019une Jurande calqu\u00e9e sur celle de 1582, qui a r\u00e8glement\u00e9 toute la coutellerie thiernoise durant presque 3 si\u00e8cles. Des Ma\u00eetres Visiteurs sont habilit\u00e9s \u00e0 surveiller le respect [&hellip;]\" \/>\n<meta property=\"og:url\" content=\"https:\/\/www.coutellerie-neron.com\/en\/le-thiers\/\" \/>\n<meta property=\"og:site_name\" content=\"Coutellerie Jean N\u00e9ron\" \/>\n<meta property=\"article:modified_time\" content=\"2023-12-07T13:30:39+00:00\" \/>\n<meta property=\"og:image\" content=\"https:\/\/www.coutellerie-neron.com\/wp-content\/uploads\/2023\/01\/logo-coutellerie-jean-neron-noir.png\" \/>\n\t<meta property=\"og:image:width\" content=\"1000\" \/>\n\t<meta property=\"og:image:height\" content=\"470\" \/>\n\t<meta property=\"og:image:type\" content=\"image\/png\" \/>\n<meta name=\"twitter:card\" content=\"summary_large_image\" \/>\n<meta name=\"twitter:label1\" content=\"Est. reading time\" \/>\n\t<meta name=\"twitter:data1\" content=\"1 minute\" \/>\n<script type=\"application\/ld+json\" class=\"yoast-schema-graph\">{\"@context\":\"https:\/\/schema.org\",\"@graph\":[{\"@type\":\"WebPage\",\"@id\":\"https:\/\/www.coutellerie-neron.com\/en\/le-thiers\/\",\"url\":\"https:\/\/www.coutellerie-neron.com\/en\/le-thiers\/\",\"name\":\"Le Thiers\u00ae\",\"isPartOf\":{\"@id\":\"https:\/\/www.coutellerie-neron.com\/en\/#website\"},\"datePublished\":\"2023-12-07T12:58:10+00:00\",\"dateModified\":\"2023-12-07T13:30:39+00:00\",\"breadcrumb\":{\"@id\":\"https:\/\/www.coutellerie-neron.com\/en\/le-thiers\/#breadcrumb\"},\"inLanguage\":\"en-US\",\"potentialAction\":[{\"@type\":\"ReadAction\",\"target\":[\"https:\/\/www.coutellerie-neron.com\/en\/le-thiers\/\"]}]},{\"@type\":\"BreadcrumbList\",\"@id\":\"https:\/\/www.coutellerie-neron.com\/en\/le-thiers\/#breadcrumb\",\"itemListElement\":[{\"@type\":\"ListItem\",\"position\":1,\"name\":\"Accueil\",\"item\":\"https:\/\/www.coutellerie-neron.com\/en\/\"},{\"@type\":\"ListItem\",\"position\":2,\"name\":\"Le Thiers\u00ae\"}]},{\"@type\":\"WebSite\",\"@id\":\"https:\/\/www.coutellerie-neron.com\/en\/#website\",\"url\":\"https:\/\/www.coutellerie-neron.com\/en\/\",\"name\":\"Coutellerie Jean N\u00e9ron\",\"description\":\"COUTEAUX DE TABLE ET DE CUISINE FABRIQU\u00c9S EN FRANCE\",\"publisher\":{\"@id\":\"https:\/\/www.coutellerie-neron.com\/en\/#organization\"},\"potentialAction\":[{\"@type\":\"SearchAction\",\"target\":{\"@type\":\"EntryPoint\",\"urlTemplate\":\"https:\/\/www.coutellerie-neron.com\/en\/?s={search_term_string}\"},\"query-input\":\"required name=search_term_string\"}],\"inLanguage\":\"en-US\"},{\"@type\":\"Organization\",\"@id\":\"https:\/\/www.coutellerie-neron.com\/en\/#organization\",\"name\":\"Coutellerie Jean N\u00e9ron\",\"url\":\"https:\/\/www.coutellerie-neron.com\/en\/\",\"logo\":{\"@type\":\"ImageObject\",\"inLanguage\":\"en-US\",\"@id\":\"https:\/\/www.coutellerie-neron.com\/en\/#\/schema\/logo\/image\/\",\"url\":\"https:\/\/www.coutellerie-neron.com\/wp-content\/uploads\/2023\/01\/logo-coutellerie-jean-neron-noir.png\",\"contentUrl\":\"https:\/\/www.coutellerie-neron.com\/wp-content\/uploads\/2023\/01\/logo-coutellerie-jean-neron-noir.png\",\"width\":1000,\"height\":470,\"caption\":\"Coutellerie Jean N\u00e9ron\"},\"image\":{\"@id\":\"https:\/\/www.coutellerie-neron.com\/en\/#\/schema\/logo\/image\/\"}}]}<\/script>\n<!-- \/ Yoast SEO plugin. -->","yoast_head_json":{"title":"Le Thiers\u00ae","robots":{"index":"index","follow":"follow","max-snippet":"max-snippet:-1","max-image-preview":"max-image-preview:large","max-video-preview":"max-video-preview:-1"},"canonical":"https:\/\/www.coutellerie-neron.com\/en\/le-thiers\/","og_locale":"en_US","og_type":"article","og_title":"Le Thiers\u00ae","og_description":"[vc_row][vc_column][vc_column_text el_class=&#8221;intro&#8221;]N\u00e9 d\u2019une r\u00e9flexion commune de toute une profession, Le Thiers\u00ae porte le nom de sa ville, capitale fran\u00e7aise de la coutellerie. Sa fabrication est soumise aux r\u00e8gles d\u2019une Jurande calqu\u00e9e sur celle de 1582, qui a r\u00e8glement\u00e9 toute la coutellerie thiernoise durant presque 3 si\u00e8cles. Des Ma\u00eetres Visiteurs sont habilit\u00e9s \u00e0 surveiller le respect [&hellip;]","og_url":"https:\/\/www.coutellerie-neron.com\/en\/le-thiers\/","og_site_name":"Coutellerie Jean N\u00e9ron","article_modified_time":"2023-12-07T13:30:39+00:00","og_image":[{"width":1000,"height":470,"url":"https:\/\/www.coutellerie-neron.com\/wp-content\/uploads\/2023\/01\/logo-coutellerie-jean-neron-noir.png","type":"image\/png"}],"twitter_card":"summary_large_image","twitter_misc":{"Est. reading time":"1 minute"},"schema":{"@context":"https:\/\/schema.org","@graph":[{"@type":"WebPage","@id":"https:\/\/www.coutellerie-neron.com\/en\/le-thiers\/","url":"https:\/\/www.coutellerie-neron.com\/en\/le-thiers\/","name":"Le Thiers\u00ae","isPartOf":{"@id":"https:\/\/www.coutellerie-neron.com\/en\/#website"},"datePublished":"2023-12-07T12:58:10+00:00","dateModified":"2023-12-07T13:30:39+00:00","breadcrumb":{"@id":"https:\/\/www.coutellerie-neron.com\/en\/le-thiers\/#breadcrumb"},"inLanguage":"en-US","potentialAction":[{"@type":"ReadAction","target":["https:\/\/www.coutellerie-neron.com\/en\/le-thiers\/"]}]},{"@type":"BreadcrumbList","@id":"https:\/\/www.coutellerie-neron.com\/en\/le-thiers\/#breadcrumb","itemListElement":[{"@type":"ListItem","position":1,"name":"Accueil","item":"https:\/\/www.coutellerie-neron.com\/en\/"},{"@type":"ListItem","position":2,"name":"Le Thiers\u00ae"}]},{"@type":"WebSite","@id":"https:\/\/www.coutellerie-neron.com\/en\/#website","url":"https:\/\/www.coutellerie-neron.com\/en\/","name":"Coutellerie Jean N\u00e9ron","description":"COUTEAUX DE TABLE ET DE CUISINE FABRIQU\u00c9S EN FRANCE","publisher":{"@id":"https:\/\/www.coutellerie-neron.com\/en\/#organization"},"potentialAction":[{"@type":"SearchAction","target":{"@type":"EntryPoint","urlTemplate":"https:\/\/www.coutellerie-neron.com\/en\/?s={search_term_string}"},"query-input":"required name=search_term_string"}],"inLanguage":"en-US"},{"@type":"Organization","@id":"https:\/\/www.coutellerie-neron.com\/en\/#organization","name":"Coutellerie Jean N\u00e9ron","url":"https:\/\/www.coutellerie-neron.com\/en\/","logo":{"@type":"ImageObject","inLanguage":"en-US","@id":"https:\/\/www.coutellerie-neron.com\/en\/#\/schema\/logo\/image\/","url":"https:\/\/www.coutellerie-neron.com\/wp-content\/uploads\/2023\/01\/logo-coutellerie-jean-neron-noir.png","contentUrl":"https:\/\/www.coutellerie-neron.com\/wp-content\/uploads\/2023\/01\/logo-coutellerie-jean-neron-noir.png","width":1000,"height":470,"caption":"Coutellerie Jean N\u00e9ron"},"image":{"@id":"https:\/\/www.coutellerie-neron.com\/en\/#\/schema\/logo\/image\/"}}]}},"_links":{"self":[{"href":"https:\/\/www.coutellerie-neron.com\/en\/wp-json\/wp\/v2\/pages\/7364"}],"collection":[{"href":"https:\/\/www.coutellerie-neron.com\/en\/wp-json\/wp\/v2\/pages"}],"about":[{"href":"https:\/\/www.coutellerie-neron.com\/en\/wp-json\/wp\/v2\/types\/page"}],"author":[{"embeddable":true,"href":"https:\/\/www.coutellerie-neron.com\/en\/wp-json\/wp\/v2\/users\/1"}],"replies":[{"embeddable":true,"href":"https:\/\/www.coutellerie-neron.com\/en\/wp-json\/wp\/v2\/comments?post=7364"}],"version-history":[{"count":1,"href":"https:\/\/www.coutellerie-neron.com\/en\/wp-json\/wp\/v2\/pages\/7364\/revisions"}],"predecessor-version":[{"id":7365,"href":"https:\/\/www.coutellerie-neron.com\/en\/wp-json\/wp\/v2\/pages\/7364\/revisions\/7365"}],"wp:attachment":[{"href":"https:\/\/www.coutellerie-neron.com\/en\/wp-json\/wp\/v2\/media?parent=7364"}],"wp:term":[{"taxonomy":"product_gamme","embeddable":true,"href":"https:\/\/www.coutellerie-neron.com\/en\/wp-json\/wp\/v2\/product_gamme?post=7364"}],"curies":[{"name":"wp","href":"https:\/\/api.w.org\/{rel}","templated":true}]}}